{"id":337,"date":"2021-08-03T12:33:54","date_gmt":"2021-08-03T12:33:54","guid":{"rendered":"https:\/\/fahrsport-franken.de\/?page_id=337"},"modified":"2025-08-27T08:26:27","modified_gmt":"2025-08-27T08:26:27","slug":"sportliche-erfolge","status":"publish","type":"page","link":"https:\/\/fahrsport-franken.de\/?page_id=337","title":{"rendered":"Sportliche Erfolge"},"content":{"rendered":"\n<figure class=\"wp-block-gallery has-nested-images columns-default is-cropped wp-block-gallery-1 is-layout-flex wp-block-gallery-is-layout-flex\">\n<figure class=\"wp-block-image size-large\"><img loading=\"lazy\" decoding=\"async\" width=\"1024\" height=\"683\" data-id=\"505\" src=\"https:\/\/fahrsport-franken.de\/wp-content\/uploads\/2025\/08\/annikavolk_Prfg-07-Kegelfahren-S-Zweispaenner-59_Original-priv.-Nutzung_96042203_-1024x683.jpg\" alt=\"\" class=\"wp-image-505\" srcset=\"https:\/\/fahrsport-franken.de\/wp-content\/uploads\/2025\/08\/annikavolk_Prfg-07-Kegelfahren-S-Zweispaenner-59_Original-priv.-Nutzung_96042203_-1024x683.jpg 1024w, https:\/\/fahrsport-franken.de\/wp-content\/uploads\/2025\/08\/annikavolk_Prfg-07-Kegelfahren-S-Zweispaenner-59_Original-priv.-Nutzung_96042203_-300x200.jpg 300w, https:\/\/fahrsport-franken.de\/wp-content\/uploads\/2025\/08\/annikavolk_Prfg-07-Kegelfahren-S-Zweispaenner-59_Original-priv.-Nutzung_96042203_-768x512.jpg 768w, https:\/\/fahrsport-franken.de\/wp-content\/uploads\/2025\/08\/annikavolk_Prfg-07-Kegelfahren-S-Zweispaenner-59_Original-priv.-Nutzung_96042203_-1536x1024.jpg 1536w, https:\/\/fahrsport-franken.de\/wp-content\/uploads\/2025\/08\/annikavolk_Prfg-07-Kegelfahren-S-Zweispaenner-59_Original-priv.-Nutzung_96042203_-2048x1365.jpg 2048w\" sizes=\"auto, (max-width: 767px) 89vw, (max-width: 1000px) 54vw, (max-width: 1071px) 543px, 580px\" \/><\/figure>\n\n\n\n<figure class=\"wp-block-image size-large\"><img loading=\"lazy\" decoding=\"async\" width=\"1024\" height=\"683\" data-id=\"504\" src=\"https:\/\/fahrsport-franken.de\/wp-content\/uploads\/2025\/08\/annikavolk_Zweispaenner-390_Original-priv.-Nutzung_fa0b6130_-1024x683.jpg\" alt=\"\" class=\"wp-image-504\" srcset=\"https:\/\/fahrsport-franken.de\/wp-content\/uploads\/2025\/08\/annikavolk_Zweispaenner-390_Original-priv.-Nutzung_fa0b6130_-1024x683.jpg 1024w, https:\/\/fahrsport-franken.de\/wp-content\/uploads\/2025\/08\/annikavolk_Zweispaenner-390_Original-priv.-Nutzung_fa0b6130_-300x200.jpg 300w, https:\/\/fahrsport-franken.de\/wp-content\/uploads\/2025\/08\/annikavolk_Zweispaenner-390_Original-priv.-Nutzung_fa0b6130_-768x512.jpg 768w, https:\/\/fahrsport-franken.de\/wp-content\/uploads\/2025\/08\/annikavolk_Zweispaenner-390_Original-priv.-Nutzung_fa0b6130_-1536x1024.jpg 1536w, https:\/\/fahrsport-franken.de\/wp-content\/uploads\/2025\/08\/annikavolk_Zweispaenner-390_Original-priv.-Nutzung_fa0b6130_-2048x1365.jpg 2048w\" sizes=\"auto, (max-width: 767px) 89vw, (max-width: 1000px) 54vw, (max-width: 1071px) 543px, 580px\" \/><\/figure>\n\n\n\n<figure class=\"wp-block-image size-large\"><img loading=\"lazy\" decoding=\"async\" width=\"1024\" height=\"683\" data-id=\"506\" src=\"https:\/\/fahrsport-franken.de\/wp-content\/uploads\/2025\/08\/annikavolk_Prfg-5-264_Original-priv.-Nutzung_57c09949_-1024x683.jpg\" alt=\"\" class=\"wp-image-506\" srcset=\"https:\/\/fahrsport-franken.de\/wp-content\/uploads\/2025\/08\/annikavolk_Prfg-5-264_Original-priv.-Nutzung_57c09949_-1024x683.jpg 1024w, https:\/\/fahrsport-franken.de\/wp-content\/uploads\/2025\/08\/annikavolk_Prfg-5-264_Original-priv.-Nutzung_57c09949_-300x200.jpg 300w, https:\/\/fahrsport-franken.de\/wp-content\/uploads\/2025\/08\/annikavolk_Prfg-5-264_Original-priv.-Nutzung_57c09949_-768x512.jpg 768w, https:\/\/fahrsport-franken.de\/wp-content\/uploads\/2025\/08\/annikavolk_Prfg-5-264_Original-priv.-Nutzung_57c09949_-1536x1024.jpg 1536w, https:\/\/fahrsport-franken.de\/wp-content\/uploads\/2025\/08\/annikavolk_Prfg-5-264_Original-priv.-Nutzung_57c09949_-2048x1365.jpg 2048w\" sizes=\"auto, (max-width: 767px) 89vw, (max-width: 1000px) 54vw, (max-width: 1071px) 543px, 580px\" \/><\/figure>\n<\/figure>\n\n\n\n<p><strong>2025 Platz 11 Deutsche Meisterschaft Zweisp\u00e4nner Pony in Lauchheim\/H\u00fclen mit DSP Nat\u00fcrlich Blond und Stanau<\/strong><\/p>\n\n\n\n<p><strong>2025 Platz 5 S\u00fcddeutsche MannschaftsMeisterschaft Zweisp\u00e4nner Pony in Viernheim mit DSP Nat\u00fcrlich Blond und Stanau<\/strong><\/p>\n\n\n\n<p><strong>2025 Platz 6 Deutsche Jugendmeisterschaft U14 Einsp\u00e4nner Pony in Schwaiganger f\u00fcr Moritz Zenkel und DSP Nat\u00fcrlich Blond<\/strong><\/p>\n\n\n\n<figure class=\"wp-block-gallery has-nested-images columns-default is-cropped wp-block-gallery-2 is-layout-flex wp-block-gallery-is-layout-flex\">\n<figure class=\"wp-block-image size-large\"><img loading=\"lazy\" decoding=\"async\" width=\"1024\" height=\"683\" data-id=\"485\" src=\"https:\/\/fahrsport-franken.de\/wp-content\/uploads\/2025\/01\/IMG_8856-1024x683.jpg\" alt=\"\" class=\"wp-image-485\" srcset=\"https:\/\/fahrsport-franken.de\/wp-content\/uploads\/2025\/01\/IMG_8856-1024x683.jpg 1024w, https:\/\/fahrsport-franken.de\/wp-content\/uploads\/2025\/01\/IMG_8856-300x200.jpg 300w, https:\/\/fahrsport-franken.de\/wp-content\/uploads\/2025\/01\/IMG_8856-768x512.jpg 768w, https:\/\/fahrsport-franken.de\/wp-content\/uploads\/2025\/01\/IMG_8856-1536x1024.jpg 1536w, https:\/\/fahrsport-franken.de\/wp-content\/uploads\/2025\/01\/IMG_8856-2048x1365.jpg 2048w\" sizes=\"auto, (max-width: 767px) 89vw, (max-width: 1000px) 54vw, (max-width: 1071px) 543px, 580px\" \/><\/figure>\n\n\n\n<figure class=\"wp-block-image size-large\"><img loading=\"lazy\" decoding=\"async\" width=\"831\" height=\"630\" data-id=\"487\" src=\"https:\/\/fahrsport-franken.de\/wp-content\/uploads\/2025\/01\/DSC_5743.jpg\" alt=\"\" class=\"wp-image-487\" srcset=\"https:\/\/fahrsport-franken.de\/wp-content\/uploads\/2025\/01\/DSC_5743.jpg 831w, https:\/\/fahrsport-franken.de\/wp-content\/uploads\/2025\/01\/DSC_5743-300x227.jpg 300w, https:\/\/fahrsport-franken.de\/wp-content\/uploads\/2025\/01\/DSC_5743-768x582.jpg 768w\" sizes=\"auto, (max-width: 767px) 89vw, (max-width: 1000px) 54vw, (max-width: 1071px) 543px, 580px\" \/><\/figure>\n\n\n\n<figure class=\"wp-block-image size-large\"><img loading=\"lazy\" decoding=\"async\" width=\"1024\" height=\"683\" data-id=\"488\" src=\"https:\/\/fahrsport-franken.de\/wp-content\/uploads\/2025\/01\/IMG_3855-1024x683.jpg\" alt=\"\" class=\"wp-image-488\" srcset=\"https:\/\/fahrsport-franken.de\/wp-content\/uploads\/2025\/01\/IMG_3855-1024x683.jpg 1024w, https:\/\/fahrsport-franken.de\/wp-content\/uploads\/2025\/01\/IMG_3855-300x200.jpg 300w, https:\/\/fahrsport-franken.de\/wp-content\/uploads\/2025\/01\/IMG_3855-768x512.jpg 768w, https:\/\/fahrsport-franken.de\/wp-content\/uploads\/2025\/01\/IMG_3855-1536x1024.jpg 1536w, https:\/\/fahrsport-franken.de\/wp-content\/uploads\/2025\/01\/IMG_3855-2048x1365.jpg 2048w\" sizes=\"auto, (max-width: 767px) 89vw, (max-width: 1000px) 54vw, (max-width: 1071px) 543px, 580px\" \/><\/figure>\n\n\n\n<figure class=\"wp-block-image size-large\"><img loading=\"lazy\" decoding=\"async\" width=\"1024\" height=\"683\" data-id=\"490\" src=\"https:\/\/fahrsport-franken.de\/wp-content\/uploads\/2025\/01\/05KL0408-1024x683.jpg\" alt=\"\" class=\"wp-image-490\" srcset=\"https:\/\/fahrsport-franken.de\/wp-content\/uploads\/2025\/01\/05KL0408-1024x683.jpg 1024w, https:\/\/fahrsport-franken.de\/wp-content\/uploads\/2025\/01\/05KL0408-300x200.jpg 300w, https:\/\/fahrsport-franken.de\/wp-content\/uploads\/2025\/01\/05KL0408-768x512.jpg 768w, https:\/\/fahrsport-franken.de\/wp-content\/uploads\/2025\/01\/05KL0408-1536x1024.jpg 1536w, https:\/\/fahrsport-franken.de\/wp-content\/uploads\/2025\/01\/05KL0408.jpg 2048w\" sizes=\"auto, (max-width: 767px) 89vw, (max-width: 1000px) 54vw, (max-width: 1071px) 543px, 580px\" \/><\/figure>\n\n\n\n<figure class=\"wp-block-image size-large\"><img loading=\"lazy\" decoding=\"async\" width=\"1024\" height=\"683\" data-id=\"491\" src=\"https:\/\/fahrsport-franken.de\/wp-content\/uploads\/2025\/01\/04KL0829-1024x683.jpg\" alt=\"\" class=\"wp-image-491\" srcset=\"https:\/\/fahrsport-franken.de\/wp-content\/uploads\/2025\/01\/04KL0829-1024x683.jpg 1024w, https:\/\/fahrsport-franken.de\/wp-content\/uploads\/2025\/01\/04KL0829-300x200.jpg 300w, https:\/\/fahrsport-franken.de\/wp-content\/uploads\/2025\/01\/04KL0829-768x512.jpg 768w, https:\/\/fahrsport-franken.de\/wp-content\/uploads\/2025\/01\/04KL0829-1536x1024.jpg 1536w, https:\/\/fahrsport-franken.de\/wp-content\/uploads\/2025\/01\/04KL0829.jpg 2048w\" sizes=\"auto, (max-width: 767px) 89vw, (max-width: 1000px) 54vw, (max-width: 1071px) 543px, 580px\" \/><\/figure>\n\n\n\n<figure class=\"wp-block-image size-large\"><img loading=\"lazy\" decoding=\"async\" width=\"1024\" height=\"683\" data-id=\"489\" src=\"https:\/\/fahrsport-franken.de\/wp-content\/uploads\/2025\/01\/02KL2224-1024x683.jpg\" alt=\"\" class=\"wp-image-489\" srcset=\"https:\/\/fahrsport-franken.de\/wp-content\/uploads\/2025\/01\/02KL2224-1024x683.jpg 1024w, https:\/\/fahrsport-franken.de\/wp-content\/uploads\/2025\/01\/02KL2224-300x200.jpg 300w, https:\/\/fahrsport-franken.de\/wp-content\/uploads\/2025\/01\/02KL2224-768x512.jpg 768w, https:\/\/fahrsport-franken.de\/wp-content\/uploads\/2025\/01\/02KL2224-1536x1024.jpg 1536w, https:\/\/fahrsport-franken.de\/wp-content\/uploads\/2025\/01\/02KL2224.jpg 2048w\" sizes=\"auto, (max-width: 767px) 89vw, (max-width: 1000px) 54vw, (max-width: 1071px) 543px, 580px\" \/><\/figure>\n\n\n\n<figure class=\"wp-block-image size-large\"><img loading=\"lazy\" decoding=\"async\" width=\"1024\" height=\"683\" data-id=\"499\" src=\"https:\/\/fahrsport-franken.de\/wp-content\/uploads\/2025\/01\/DSC_0815-1024x683.jpg\" alt=\"\" class=\"wp-image-499\" srcset=\"https:\/\/fahrsport-franken.de\/wp-content\/uploads\/2025\/01\/DSC_0815-1024x683.jpg 1024w, https:\/\/fahrsport-franken.de\/wp-content\/uploads\/2025\/01\/DSC_0815-300x200.jpg 300w, https:\/\/fahrsport-franken.de\/wp-content\/uploads\/2025\/01\/DSC_0815-768x512.jpg 768w, https:\/\/fahrsport-franken.de\/wp-content\/uploads\/2025\/01\/DSC_0815-1536x1024.jpg 1536w, https:\/\/fahrsport-franken.de\/wp-content\/uploads\/2025\/01\/DSC_0815-2048x1365.jpg 2048w\" sizes=\"auto, (max-width: 767px) 89vw, (max-width: 1000px) 54vw, (max-width: 1071px) 543px, 580px\" \/><\/figure>\n\n\n\n<figure class=\"wp-block-image size-large\"><img loading=\"lazy\" decoding=\"async\" width=\"683\" height=\"1024\" data-id=\"495\" src=\"https:\/\/fahrsport-franken.de\/wp-content\/uploads\/2025\/01\/DSC_0868-683x1024.jpg\" alt=\"\" class=\"wp-image-495\" srcset=\"https:\/\/fahrsport-franken.de\/wp-content\/uploads\/2025\/01\/DSC_0868-683x1024.jpg 683w, https:\/\/fahrsport-franken.de\/wp-content\/uploads\/2025\/01\/DSC_0868-200x300.jpg 200w, https:\/\/fahrsport-franken.de\/wp-content\/uploads\/2025\/01\/DSC_0868-768x1152.jpg 768w, https:\/\/fahrsport-franken.de\/wp-content\/uploads\/2025\/01\/DSC_0868-1024x1536.jpg 1024w, https:\/\/fahrsport-franken.de\/wp-content\/uploads\/2025\/01\/DSC_0868-1365x2048.jpg 1365w, https:\/\/fahrsport-franken.de\/wp-content\/uploads\/2025\/01\/DSC_0868-scaled.jpg 1707w\" sizes=\"auto, (max-width: 683px) 100vw, 683px\" \/><\/figure>\n\n\n\n<figure class=\"wp-block-image size-large\"><img loading=\"lazy\" decoding=\"async\" width=\"1024\" height=\"682\" data-id=\"496\" src=\"https:\/\/fahrsport-franken.de\/wp-content\/uploads\/2025\/01\/DSC_0503-1024x682.jpg\" alt=\"\" class=\"wp-image-496\" srcset=\"https:\/\/fahrsport-franken.de\/wp-content\/uploads\/2025\/01\/DSC_0503-1024x682.jpg 1024w, https:\/\/fahrsport-franken.de\/wp-content\/uploads\/2025\/01\/DSC_0503-300x200.jpg 300w, https:\/\/fahrsport-franken.de\/wp-content\/uploads\/2025\/01\/DSC_0503-768x512.jpg 768w, https:\/\/fahrsport-franken.de\/wp-content\/uploads\/2025\/01\/DSC_0503-1536x1024.jpg 1536w, https:\/\/fahrsport-franken.de\/wp-content\/uploads\/2025\/01\/DSC_0503-2048x1365.jpg 2048w\" sizes=\"auto, (max-width: 767px) 89vw, (max-width: 1000px) 54vw, (max-width: 1071px) 543px, 580px\" \/><\/figure>\n\n\n\n<figure class=\"wp-block-image size-large\"><img loading=\"lazy\" decoding=\"async\" width=\"1024\" height=\"640\" data-id=\"486\" src=\"https:\/\/fahrsport-franken.de\/wp-content\/uploads\/2025\/01\/DSC7899-1024x640.jpg\" alt=\"\" class=\"wp-image-486\" srcset=\"https:\/\/fahrsport-franken.de\/wp-content\/uploads\/2025\/01\/DSC7899-1024x640.jpg 1024w, https:\/\/fahrsport-franken.de\/wp-content\/uploads\/2025\/01\/DSC7899-300x188.jpg 300w, https:\/\/fahrsport-franken.de\/wp-content\/uploads\/2025\/01\/DSC7899-768x480.jpg 768w, https:\/\/fahrsport-franken.de\/wp-content\/uploads\/2025\/01\/DSC7899-1536x960.jpg 1536w, https:\/\/fahrsport-franken.de\/wp-content\/uploads\/2025\/01\/DSC7899-2048x1280.jpg 2048w\" sizes=\"auto, (max-width: 767px) 89vw, (max-width: 1000px) 54vw, (max-width: 1071px) 543px, 580px\" \/><\/figure>\n<\/figure>\n\n\n\n<p><strong>2024 Bronzemedaille Bayerisches Nachwuchschampionat U16 f\u00fcr Moritz Zenkel mit DSP Nat\u00fcrlich Blond<\/strong><\/p>\n\n\n\n<p><strong>2024<\/strong> <strong>Goldmedaille bei den S\u00fcddeutschen Mannschaftsmeisterschaften in Schildau sowie Platz 2 in der Einzelwertung<\/strong> <strong>mit DSP Nat\u00fcrlich Blond und Stanau<\/strong><\/p>\n\n\n\n<p><strong>2024<\/strong> <strong>Silbermedaille Bayerische Meisterschaften der Pony Zweisp\u00e4nner mit DSP Nat\u00fcrlich Blond und Stanau<\/strong><\/p>\n\n\n\n<p><strong>2024<\/strong> <strong>Platz 4 in der Dressurfahrpr\u00fcfung Kl.S*** bei den deutschen Meisterschaften in Zeiskam mit DSP Nat\u00fcrlich Blond<\/strong><\/p>\n\n\n\n<figure class=\"wp-block-gallery has-nested-images columns-2 is-cropped wp-block-gallery-3 is-layout-flex wp-block-gallery-is-layout-flex\">\n<figure class=\"wp-block-image size-large is-style-default\"><img loading=\"lazy\" decoding=\"async\" width=\"1024\" height=\"683\" data-id=\"442\" src=\"https:\/\/fahrsport-franken.de\/wp-content\/uploads\/2023\/12\/IMG-20230825-WA0005-1024x683.jpg\" alt=\"\" class=\"wp-image-442\" srcset=\"https:\/\/fahrsport-franken.de\/wp-content\/uploads\/2023\/12\/IMG-20230825-WA0005-1024x683.jpg 1024w, https:\/\/fahrsport-franken.de\/wp-content\/uploads\/2023\/12\/IMG-20230825-WA0005-300x200.jpg 300w, https:\/\/fahrsport-franken.de\/wp-content\/uploads\/2023\/12\/IMG-20230825-WA0005-768x512.jpg 768w, https:\/\/fahrsport-franken.de\/wp-content\/uploads\/2023\/12\/IMG-20230825-WA0005-1536x1024.jpg 1536w, https:\/\/fahrsport-franken.de\/wp-content\/uploads\/2023\/12\/IMG-20230825-WA0005.jpg 1620w\" sizes=\"auto, (max-width: 767px) 89vw, (max-width: 1000px) 54vw, (max-width: 1071px) 543px, 580px\" \/><\/figure>\n\n\n\n<figure class=\"wp-block-image size-large is-style-default\"><img loading=\"lazy\" decoding=\"async\" width=\"1024\" height=\"683\" data-id=\"434\" src=\"https:\/\/fahrsport-franken.de\/wp-content\/uploads\/2023\/12\/IMG-20230708-WA0022-1024x683.jpg\" alt=\"\" class=\"wp-image-434\" srcset=\"https:\/\/fahrsport-franken.de\/wp-content\/uploads\/2023\/12\/IMG-20230708-WA0022-1024x683.jpg 1024w, https:\/\/fahrsport-franken.de\/wp-content\/uploads\/2023\/12\/IMG-20230708-WA0022-300x200.jpg 300w, https:\/\/fahrsport-franken.de\/wp-content\/uploads\/2023\/12\/IMG-20230708-WA0022-768x512.jpg 768w, https:\/\/fahrsport-franken.de\/wp-content\/uploads\/2023\/12\/IMG-20230708-WA0022-1536x1024.jpg 1536w, https:\/\/fahrsport-franken.de\/wp-content\/uploads\/2023\/12\/IMG-20230708-WA0022.jpg 1599w\" sizes=\"auto, (max-width: 767px) 89vw, (max-width: 1000px) 54vw, (max-width: 1071px) 543px, 580px\" \/><\/figure>\n\n\n\n<figure class=\"wp-block-image size-large is-style-default\"><img loading=\"lazy\" decoding=\"async\" width=\"1024\" height=\"768\" data-id=\"438\" src=\"https:\/\/fahrsport-franken.de\/wp-content\/uploads\/2023\/12\/344287841_1525049891644561_4913866028087647952_n-1024x768.jpg\" alt=\"\" class=\"wp-image-438\" srcset=\"https:\/\/fahrsport-franken.de\/wp-content\/uploads\/2023\/12\/344287841_1525049891644561_4913866028087647952_n-1024x768.jpg 1024w, https:\/\/fahrsport-franken.de\/wp-content\/uploads\/2023\/12\/344287841_1525049891644561_4913866028087647952_n-300x225.jpg 300w, https:\/\/fahrsport-franken.de\/wp-content\/uploads\/2023\/12\/344287841_1525049891644561_4913866028087647952_n-768x576.jpg 768w, https:\/\/fahrsport-franken.de\/wp-content\/uploads\/2023\/12\/344287841_1525049891644561_4913866028087647952_n-1536x1152.jpg 1536w, https:\/\/fahrsport-franken.de\/wp-content\/uploads\/2023\/12\/344287841_1525049891644561_4913866028087647952_n.jpg 2016w\" sizes=\"auto, (max-width: 767px) 89vw, (max-width: 1000px) 54vw, (max-width: 1071px) 543px, 580px\" \/><\/figure>\n\n\n\n<figure class=\"wp-block-image size-large\"><img loading=\"lazy\" decoding=\"async\" width=\"1024\" height=\"669\" data-id=\"436\" src=\"https:\/\/fahrsport-franken.de\/wp-content\/uploads\/2023\/12\/IMG-20230507-WA0026-1024x669.jpg\" alt=\"\" class=\"wp-image-436\" srcset=\"https:\/\/fahrsport-franken.de\/wp-content\/uploads\/2023\/12\/IMG-20230507-WA0026-1024x669.jpg 1024w, https:\/\/fahrsport-franken.de\/wp-content\/uploads\/2023\/12\/IMG-20230507-WA0026-300x196.jpg 300w, https:\/\/fahrsport-franken.de\/wp-content\/uploads\/2023\/12\/IMG-20230507-WA0026-768x502.jpg 768w, https:\/\/fahrsport-franken.de\/wp-content\/uploads\/2023\/12\/IMG-20230507-WA0026.jpg 1140w\" sizes=\"auto, (max-width: 767px) 89vw, (max-width: 1000px) 54vw, (max-width: 1071px) 543px, 580px\" \/><\/figure>\n\n\n\n<figure class=\"wp-block-image size-large\"><img loading=\"lazy\" decoding=\"async\" width=\"768\" height=\"1024\" data-id=\"437\" src=\"https:\/\/fahrsport-franken.de\/wp-content\/uploads\/2023\/12\/IMG-20230707-WA0001-768x1024.jpg\" alt=\"\" class=\"wp-image-437\" srcset=\"https:\/\/fahrsport-franken.de\/wp-content\/uploads\/2023\/12\/IMG-20230707-WA0001-768x1024.jpg 768w, https:\/\/fahrsport-franken.de\/wp-content\/uploads\/2023\/12\/IMG-20230707-WA0001-225x300.jpg 225w, https:\/\/fahrsport-franken.de\/wp-content\/uploads\/2023\/12\/IMG-20230707-WA0001-1152x1536.jpg 1152w, https:\/\/fahrsport-franken.de\/wp-content\/uploads\/2023\/12\/IMG-20230707-WA0001.jpg 1500w\" sizes=\"auto, (max-width: 767px) 89vw, (max-width: 1000px) 54vw, (max-width: 1071px) 543px, 580px\" \/><\/figure>\n\n\n\n<figure class=\"wp-block-image size-large\"><img loading=\"lazy\" decoding=\"async\" width=\"1024\" height=\"683\" data-id=\"443\" src=\"https:\/\/fahrsport-franken.de\/wp-content\/uploads\/2023\/12\/IMG-20230706-WA0009-1024x683.jpg\" alt=\"\" class=\"wp-image-443\"\/><\/figure>\n\n\n\n<figure class=\"wp-block-image size-large\"><img loading=\"lazy\" decoding=\"async\" width=\"1024\" height=\"683\" data-id=\"440\" src=\"https:\/\/fahrsport-franken.de\/wp-content\/uploads\/2023\/12\/3K9A5995-1024x683.jpg\" alt=\"\" class=\"wp-image-440\" srcset=\"https:\/\/fahrsport-franken.de\/wp-content\/uploads\/2023\/12\/3K9A5995-1024x683.jpg 1024w, https:\/\/fahrsport-franken.de\/wp-content\/uploads\/2023\/12\/3K9A5995-300x200.jpg 300w, https:\/\/fahrsport-franken.de\/wp-content\/uploads\/2023\/12\/3K9A5995-768x512.jpg 768w, https:\/\/fahrsport-franken.de\/wp-content\/uploads\/2023\/12\/3K9A5995-1536x1024.jpg 1536w, https:\/\/fahrsport-franken.de\/wp-content\/uploads\/2023\/12\/3K9A5995-2048x1365.jpg 2048w\" sizes=\"auto, (max-width: 767px) 89vw, (max-width: 1000px) 54vw, (max-width: 1071px) 543px, 580px\" \/><\/figure>\n\n\n\n<figure class=\"wp-block-image size-large\"><img loading=\"lazy\" decoding=\"async\" width=\"1024\" height=\"683\" data-id=\"441\" src=\"https:\/\/fahrsport-franken.de\/wp-content\/uploads\/2023\/12\/3K9A5993-1024x683.jpg\" alt=\"\" class=\"wp-image-441\" srcset=\"https:\/\/fahrsport-franken.de\/wp-content\/uploads\/2023\/12\/3K9A5993-1024x683.jpg 1024w, https:\/\/fahrsport-franken.de\/wp-content\/uploads\/2023\/12\/3K9A5993-300x200.jpg 300w, https:\/\/fahrsport-franken.de\/wp-content\/uploads\/2023\/12\/3K9A5993-768x512.jpg 768w, https:\/\/fahrsport-franken.de\/wp-content\/uploads\/2023\/12\/3K9A5993-1536x1024.jpg 1536w, https:\/\/fahrsport-franken.de\/wp-content\/uploads\/2023\/12\/3K9A5993-2048x1365.jpg 2048w\" sizes=\"auto, (max-width: 767px) 89vw, (max-width: 1000px) 54vw, (max-width: 1071px) 543px, 580px\" \/><\/figure>\n<\/figure>\n\n\n\n<p><strong>2023 Platz 4 bei den Bayerischen Meisterschaften der Einsp\u00e4nner mit DSP Nat\u00fcrlich Blond und Platz 6 mit Stanau<\/strong><\/p>\n\n\n\n<p><strong>2023 Silbermedaille bei den S\u00fcddeutschen Mannschaftsmeisterschaften in Ottenheim im Team Bayern 1 mit DSP Nat\u00fcrlich Blond und Platz 4 in der Einzelwertung<\/strong><\/p>\n\n\n\n<p><strong>2023 Platz 8 in der Dressurfahrpr\u00fcfung Kl.S*** bei den deutschen Meisterschaften in Emlichheim mit &#8222;DSP Nat\u00fcrlich Blond&#8220;. <\/strong><\/p>\n\n\n\n<p><strong>2023 Platz 3 beim Internationalen Fahrturnier CAI*** Ksiaz in Polen im Zweisp\u00e4nner mit \u201eDSP Nat\u00fcrlich Blond\u201c  und Platz 4 mit &#8222;Stanau&#8220;<\/strong><\/p>\n\n\n\n<p><strong>2023<\/strong> <strong>Platz 1 (DSP Nat\u00fcrlich Blond) und Platz 3 (Stanau) beim Internationalen Haflinger Championat in Gunzenhausen<\/strong><\/p>\n\n\n\n<p><strong>2023 Goldmedaille Fr\u00e4nkische Meisterschaft Pony Einsp\u00e4nner mit DSP Nat\u00fcrlich Blond und Bronzemedaille Pferd Einsp\u00e4nner mit Wally vom Aischgrund<\/strong><\/p>\n\n\n\n<p><strong>2023<\/strong> <strong>Platz 3 beim Internationalen Fahrturnier CAI*** Kladruby in Tschechien im Zweisp\u00e4nner mit \u201eDSP Nat\u00fcrlich Blond\u201c  und Platz 4<\/strong><\/p>\n\n\n\n<p class=\"has-text-align-center has-medium-font-size\"><strong>2023  Goldenes Fahrabzeichen<\/strong><img loading=\"lazy\" decoding=\"async\" width=\"672\" height=\"448\" class=\"wp-image-398\" style=\"width: 672px;\" src=\"https:\/\/fahrsport-franken.de\/wp-content\/uploads\/2023\/01\/DSC_0089-scaled.jpeg\" alt=\"\" srcset=\"https:\/\/fahrsport-franken.de\/wp-content\/uploads\/2023\/01\/DSC_0089-scaled.jpeg 2560w, https:\/\/fahrsport-franken.de\/wp-content\/uploads\/2023\/01\/DSC_0089-300x200.jpeg 300w, https:\/\/fahrsport-franken.de\/wp-content\/uploads\/2023\/01\/DSC_0089-1024x683.jpeg 1024w, https:\/\/fahrsport-franken.de\/wp-content\/uploads\/2023\/01\/DSC_0089-768x512.jpeg 768w, https:\/\/fahrsport-franken.de\/wp-content\/uploads\/2023\/01\/DSC_0089-1536x1024.jpeg 1536w, https:\/\/fahrsport-franken.de\/wp-content\/uploads\/2023\/01\/DSC_0089-2048x1365.jpeg 2048w\" sizes=\"auto, (max-width: 672px) 100vw, 672px\" \/><\/p>\n\n\n\n<figure class=\"wp-block-gallery has-nested-images columns-default is-cropped wp-block-gallery-4 is-layout-flex wp-block-gallery-is-layout-flex\">\n<figure class=\"wp-block-image size-large\"><img loading=\"lazy\" decoding=\"async\" width=\"1024\" height=\"541\" data-id=\"380\" src=\"https:\/\/fahrsport-franken.de\/wp-content\/uploads\/2022\/07\/nn3VAFLRHl-1024x541.jpg\" alt=\"\" class=\"wp-image-380\" srcset=\"https:\/\/fahrsport-franken.de\/wp-content\/uploads\/2022\/07\/nn3VAFLRHl-1024x541.jpg 1024w, https:\/\/fahrsport-franken.de\/wp-content\/uploads\/2022\/07\/nn3VAFLRHl-300x159.jpg 300w, https:\/\/fahrsport-franken.de\/wp-content\/uploads\/2022\/07\/nn3VAFLRHl-768x406.jpg 768w, https:\/\/fahrsport-franken.de\/wp-content\/uploads\/2022\/07\/nn3VAFLRHl-1536x812.jpg 1536w, https:\/\/fahrsport-franken.de\/wp-content\/uploads\/2022\/07\/nn3VAFLRHl-2048x1083.jpg 2048w\" sizes=\"auto, (max-width: 767px) 89vw, (max-width: 1000px) 54vw, (max-width: 1071px) 543px, 580px\" \/><\/figure>\n\n\n\n<figure class=\"wp-block-image size-large\"><img loading=\"lazy\" decoding=\"async\" width=\"1024\" height=\"683\" data-id=\"381\" src=\"https:\/\/fahrsport-franken.de\/wp-content\/uploads\/2022\/07\/19-Zenkel-Silke-142-Stanau-ES7_1819-1024x683.jpg\" alt=\"\" class=\"wp-image-381\" srcset=\"https:\/\/fahrsport-franken.de\/wp-content\/uploads\/2022\/07\/19-Zenkel-Silke-142-Stanau-ES7_1819-1024x683.jpg 1024w, https:\/\/fahrsport-franken.de\/wp-content\/uploads\/2022\/07\/19-Zenkel-Silke-142-Stanau-ES7_1819-300x200.jpg 300w, https:\/\/fahrsport-franken.de\/wp-content\/uploads\/2022\/07\/19-Zenkel-Silke-142-Stanau-ES7_1819-768x512.jpg 768w, https:\/\/fahrsport-franken.de\/wp-content\/uploads\/2022\/07\/19-Zenkel-Silke-142-Stanau-ES7_1819-1536x1024.jpg 1536w, https:\/\/fahrsport-franken.de\/wp-content\/uploads\/2022\/07\/19-Zenkel-Silke-142-Stanau-ES7_1819-2048x1365.jpg 2048w\" sizes=\"auto, (max-width: 767px) 89vw, (max-width: 1000px) 54vw, (max-width: 1071px) 543px, 580px\" \/><\/figure>\n\n\n\n<figure class=\"wp-block-image size-large\"><img loading=\"lazy\" decoding=\"async\" width=\"1024\" height=\"683\" data-id=\"379\" src=\"https:\/\/fahrsport-franken.de\/wp-content\/uploads\/2022\/07\/REM_0237-1024x683.jpg\" alt=\"\" class=\"wp-image-379\" srcset=\"https:\/\/fahrsport-franken.de\/wp-content\/uploads\/2022\/07\/REM_0237-1024x683.jpg 1024w, https:\/\/fahrsport-franken.de\/wp-content\/uploads\/2022\/07\/REM_0237-300x200.jpg 300w, https:\/\/fahrsport-franken.de\/wp-content\/uploads\/2022\/07\/REM_0237-768x512.jpg 768w, https:\/\/fahrsport-franken.de\/wp-content\/uploads\/2022\/07\/REM_0237-1536x1024.jpg 1536w, https:\/\/fahrsport-franken.de\/wp-content\/uploads\/2022\/07\/REM_0237-2048x1365.jpg 2048w\" sizes=\"auto, (max-width: 767px) 89vw, (max-width: 1000px) 54vw, (max-width: 1071px) 543px, 580px\" \/><\/figure>\n\n\n\n<figure class=\"wp-block-image size-large\"><img loading=\"lazy\" decoding=\"async\" width=\"1024\" height=\"683\" data-id=\"382\" src=\"https:\/\/fahrsport-franken.de\/wp-content\/uploads\/2022\/07\/Sieger_PonyEinspaenner-1024x683.jpg\" alt=\"\" class=\"wp-image-382\" srcset=\"https:\/\/fahrsport-franken.de\/wp-content\/uploads\/2022\/07\/Sieger_PonyEinspaenner-1024x683.jpg 1024w, https:\/\/fahrsport-franken.de\/wp-content\/uploads\/2022\/07\/Sieger_PonyEinspaenner-300x200.jpg 300w, https:\/\/fahrsport-franken.de\/wp-content\/uploads\/2022\/07\/Sieger_PonyEinspaenner-768x512.jpg 768w, https:\/\/fahrsport-franken.de\/wp-content\/uploads\/2022\/07\/Sieger_PonyEinspaenner-1536x1025.jpg 1536w, https:\/\/fahrsport-franken.de\/wp-content\/uploads\/2022\/07\/Sieger_PonyEinspaenner-2048x1367.jpg 2048w\" sizes=\"auto, (max-width: 767px) 89vw, (max-width: 1000px) 54vw, (max-width: 1071px) 543px, 580px\" \/><\/figure>\n<\/figure>\n\n\n\n<p><strong>2022 Goldmedaille S\u00fcddeutsche Mannschaftsmeisterschaft in Remlingen <\/strong><\/p>\n\n\n\n<p><strong>2022 Goldmedaille  Bayerische Meisterschaft Pony Einsp\u00e4nner  in Plattling mit &#8222;Nat\u00fcrlich Blond&#8220; <\/strong><\/p>\n\n\n\n<p><strong>2022 Platz 1 beim Internationalen Fahrturnier CAI** Ksiaz in Polen mit \u201eNat\u00fcrlich Blond\u201c  und Platz 4 mit &#8222;Stanau&#8220;<\/strong><\/p>\n\n\n\n<p><strong>2022 Platz 2 (Nat\u00fcrlich Blond) und 3 (Stanau) beim Internationalen Haflinger Championat in Gunzenhausen<\/strong><\/p>\n\n\n\n<figure class=\"wp-block-gallery has-nested-images columns-default is-cropped wp-block-gallery-5 is-layout-flex wp-block-gallery-is-layout-flex\">\n<figure class=\"wp-block-image size-large\"><img loading=\"lazy\" decoding=\"async\" width=\"1024\" height=\"683\" data-id=\"345\" src=\"https:\/\/fahrsport-franken.de\/wp-content\/uploads\/2021\/08\/2E5A1840-1024x683.jpg\" alt=\"\" class=\"wp-image-345\" srcset=\"https:\/\/fahrsport-franken.de\/wp-content\/uploads\/2021\/08\/2E5A1840-1024x683.jpg 1024w, https:\/\/fahrsport-franken.de\/wp-content\/uploads\/2021\/08\/2E5A1840-300x200.jpg 300w, https:\/\/fahrsport-franken.de\/wp-content\/uploads\/2021\/08\/2E5A1840-768x512.jpg 768w, https:\/\/fahrsport-franken.de\/wp-content\/uploads\/2021\/08\/2E5A1840-1536x1024.jpg 1536w, https:\/\/fahrsport-franken.de\/wp-content\/uploads\/2021\/08\/2E5A1840-2048x1365.jpg 2048w\" sizes=\"auto, (max-width: 767px) 89vw, (max-width: 1000px) 54vw, (max-width: 1071px) 543px, 580px\" \/><\/figure>\n\n\n\n<figure class=\"wp-block-image size-large\"><img loading=\"lazy\" decoding=\"async\" width=\"1024\" height=\"683\" data-id=\"347\" src=\"https:\/\/fahrsport-franken.de\/wp-content\/uploads\/2021\/08\/2E5A7157-1024x683.jpg\" alt=\"\" class=\"wp-image-347\" srcset=\"https:\/\/fahrsport-franken.de\/wp-content\/uploads\/2021\/08\/2E5A7157-1024x683.jpg 1024w, https:\/\/fahrsport-franken.de\/wp-content\/uploads\/2021\/08\/2E5A7157-300x200.jpg 300w, https:\/\/fahrsport-franken.de\/wp-content\/uploads\/2021\/08\/2E5A7157-768x512.jpg 768w, https:\/\/fahrsport-franken.de\/wp-content\/uploads\/2021\/08\/2E5A7157-1536x1024.jpg 1536w, https:\/\/fahrsport-franken.de\/wp-content\/uploads\/2021\/08\/2E5A7157-2048x1365.jpg 2048w\" sizes=\"auto, (max-width: 767px) 89vw, (max-width: 1000px) 54vw, (max-width: 1071px) 543px, 580px\" \/><\/figure>\n\n\n\n<figure class=\"wp-block-image size-large\"><img loading=\"lazy\" decoding=\"async\" width=\"1024\" height=\"682\" data-id=\"355\" src=\"https:\/\/fahrsport-franken.de\/wp-content\/uploads\/2021\/10\/2131-1-7009x-1024x682.jpg\" alt=\"\" class=\"wp-image-355\" srcset=\"https:\/\/fahrsport-franken.de\/wp-content\/uploads\/2021\/10\/2131-1-7009x-1024x682.jpg 1024w, https:\/\/fahrsport-franken.de\/wp-content\/uploads\/2021\/10\/2131-1-7009x-300x200.jpg 300w, https:\/\/fahrsport-franken.de\/wp-content\/uploads\/2021\/10\/2131-1-7009x-768x511.jpg 768w, https:\/\/fahrsport-franken.de\/wp-content\/uploads\/2021\/10\/2131-1-7009x-1536x1022.jpg 1536w, https:\/\/fahrsport-franken.de\/wp-content\/uploads\/2021\/10\/2131-1-7009x-2048x1363.jpg 2048w\" sizes=\"auto, (max-width: 767px) 89vw, (max-width: 1000px) 54vw, (max-width: 1071px) 543px, 580px\" \/><\/figure>\n\n\n\n<figure class=\"wp-block-image size-large\"><img loading=\"lazy\" decoding=\"async\" width=\"1024\" height=\"683\" data-id=\"360\" src=\"https:\/\/fahrsport-franken.de\/wp-content\/uploads\/2021\/10\/2131-3-1690x-1024x683.jpg\" alt=\"\" class=\"wp-image-360\" srcset=\"https:\/\/fahrsport-franken.de\/wp-content\/uploads\/2021\/10\/2131-3-1690x-1024x683.jpg 1024w, https:\/\/fahrsport-franken.de\/wp-content\/uploads\/2021\/10\/2131-3-1690x-300x200.jpg 300w, https:\/\/fahrsport-franken.de\/wp-content\/uploads\/2021\/10\/2131-3-1690x-768x512.jpg 768w, https:\/\/fahrsport-franken.de\/wp-content\/uploads\/2021\/10\/2131-3-1690x-1536x1024.jpg 1536w, https:\/\/fahrsport-franken.de\/wp-content\/uploads\/2021\/10\/2131-3-1690x-2048x1366.jpg 2048w\" sizes=\"auto, (max-width: 767px) 89vw, (max-width: 1000px) 54vw, (max-width: 1071px) 543px, 580px\" \/><\/figure>\n\n\n\n<figure class=\"wp-block-image size-large\"><img loading=\"lazy\" decoding=\"async\" width=\"1024\" height=\"683\" data-id=\"357\" src=\"https:\/\/fahrsport-franken.de\/wp-content\/uploads\/2021\/10\/IMGL3674-1024x683.jpg\" alt=\"\" class=\"wp-image-357\" srcset=\"https:\/\/fahrsport-franken.de\/wp-content\/uploads\/2021\/10\/IMGL3674-1024x683.jpg 1024w, https:\/\/fahrsport-franken.de\/wp-content\/uploads\/2021\/10\/IMGL3674-300x200.jpg 300w, https:\/\/fahrsport-franken.de\/wp-content\/uploads\/2021\/10\/IMGL3674-768x512.jpg 768w, https:\/\/fahrsport-franken.de\/wp-content\/uploads\/2021\/10\/IMGL3674-1536x1024.jpg 1536w, https:\/\/fahrsport-franken.de\/wp-content\/uploads\/2021\/10\/IMGL3674-2048x1365.jpg 2048w\" sizes=\"auto, (max-width: 767px) 89vw, (max-width: 1000px) 54vw, (max-width: 1071px) 543px, 580px\" \/><\/figure>\n\n\n\n<figure class=\"wp-block-image size-large\"><img loading=\"lazy\" decoding=\"async\" width=\"1024\" height=\"683\" data-id=\"358\" src=\"https:\/\/fahrsport-franken.de\/wp-content\/uploads\/2021\/10\/IMGL6420-1024x683.jpg\" alt=\"\" class=\"wp-image-358\" srcset=\"https:\/\/fahrsport-franken.de\/wp-content\/uploads\/2021\/10\/IMGL6420-1024x683.jpg 1024w, https:\/\/fahrsport-franken.de\/wp-content\/uploads\/2021\/10\/IMGL6420-300x200.jpg 300w, https:\/\/fahrsport-franken.de\/wp-content\/uploads\/2021\/10\/IMGL6420-768x512.jpg 768w, https:\/\/fahrsport-franken.de\/wp-content\/uploads\/2021\/10\/IMGL6420-1536x1024.jpg 1536w, https:\/\/fahrsport-franken.de\/wp-content\/uploads\/2021\/10\/IMGL6420-2048x1365.jpg 2048w\" sizes=\"auto, (max-width: 767px) 89vw, (max-width: 1000px) 54vw, (max-width: 1071px) 543px, 580px\" \/><\/figure>\n\n\n\n<figure class=\"wp-block-image size-large\"><img loading=\"lazy\" decoding=\"async\" width=\"1024\" height=\"683\" data-id=\"359\" src=\"https:\/\/fahrsport-franken.de\/wp-content\/uploads\/2021\/10\/IMGL6821-1024x683.jpg\" alt=\"\" class=\"wp-image-359\" srcset=\"https:\/\/fahrsport-franken.de\/wp-content\/uploads\/2021\/10\/IMGL6821-1024x683.jpg 1024w, https:\/\/fahrsport-franken.de\/wp-content\/uploads\/2021\/10\/IMGL6821-300x200.jpg 300w, https:\/\/fahrsport-franken.de\/wp-content\/uploads\/2021\/10\/IMGL6821-768x512.jpg 768w, https:\/\/fahrsport-franken.de\/wp-content\/uploads\/2021\/10\/IMGL6821-1536x1024.jpg 1536w, https:\/\/fahrsport-franken.de\/wp-content\/uploads\/2021\/10\/IMGL6821-2048x1365.jpg 2048w\" sizes=\"auto, (max-width: 767px) 89vw, (max-width: 1000px) 54vw, (max-width: 1071px) 543px, 580px\" \/><\/figure>\n<\/figure>\n\n\n\n<p><\/p>\n\n\n\n<p>2021 Silbermedaille S\u00fcddeutsche Mannschaftsmeisterschaft in Herchenrode<\/p>\n\n\n\n<p>2021 Goldmedaille Bayerische Meisterschaft Pony Einsp\u00e4nner in Pfarrkirchen mit &#8222;Nat\u00fcrlich Blond&#8220;<\/p>\n\n\n\n<p>2021 Platz 12 Haflinger Europa Championat in Stadl Paura mit &#8222;Stanau&#8220;<\/p>\n\n\n\n<p>2021 Goldmedaille Fr\u00e4nkische Meisterschaft Pony Einsp\u00e4nner in Niederlindach mit &#8222;Stanau&#8220;<\/p>\n\n\n\n<p>2021 Platz 6 in der Dressur beim CAI2* in Lauchheim und Platz 20 Deutsche Meisterschaft<\/p>\n\n\n\n<p>2021 Platz 1 beim Internationalen Fahrturnier CAI** Ksiaz in Polen mit \u201eNat\u00fcrlich Blond\u201c <\/p>\n\n\n\n<p>2020 Teilnahme an der deutschen Meisterschaft, 5. Platz Dressurfahrpr\u00fcfung Kl.S** mit \u201eNat\u00fcrlich Blond\u201c<\/p>\n\n\n\n<p>2019 Verbandsehrennadel in Silber<strong>,<\/strong> verliehen vom Fr\u00e4nkischen Reit- und Fahrverband<\/p>\n\n\n\n<p>2019 \u201eNat\u00fcrlich Blond\u201c wird erneut bester deutscher Haflinger in der Disziplin Fahren<\/p>\n\n\n\n<p>2019 Gold S\u00fcddeutsche Meisterschaft mit der Mannschaft Pony Einsp\u00e4nner und in der Einzelwertung<\/p>\n\n\n\n<p>2019 Bronze Bayerische Meisterschaft Einsp\u00e4nner Pony<\/p>\n\n\n\n<p>2019 Platz 16 Deutsche Meisterschaft Einsp\u00e4nner Ponys<\/p>\n\n\n\n<p>2018 Goldmedaille Bayerische Meisterschaften Pony Einsp\u00e4nner mit \u201eNat\u00fcrlich Blond\u201c<\/p>\n\n\n\n<p>2018 Platz 3 fr\u00e4nkische Meisterschaft Pony Einsp\u00e4nner mit \u201eStanau\u201c<\/p>\n\n\n\n<p>2018 Platz 8 Deutsche Meisterschaft Einsp\u00e4nner Ponys<\/p>\n\n\n\n<p>2017 Auszeichnung \u201eErfolgreiches bayerisches Turnierpferd\u201c vom Landesverband bayr. Pferdez\u00fcchter mit dem Pony \u201eNat\u00fcrlich Blond\u201c<\/p>\n\n\n\n<p>2017 Platz 11 Deutsche Meisterschaft Einsp\u00e4nner Ponys<\/p>\n\n\n\n<p>2017 Silber Bayerische Meisterschaft Einsp\u00e4nner Pony mit \u201eNat\u00fcrlich Blond\u201c<\/p>\n\n\n\n<p>2017 Gold Fr\u00e4nkische Meisterschaft Einsp\u00e4nner Pony mit \u201eNat\u00fcrlich Blond\u201c<\/p>\n\n\n\n<p>2017 Sportf\u00f6rderpreis der AGH<\/p>\n\n\n\n<p>2016 Bronze S\u00fcddeutsche Mannschaftsmeisterschaft <\/p>\n\n\n\n<p>2016 Vierter Platz beim Bundeschampionat der Fahrponys mit \u201eNat\u00fcrlich Blond\u201c<\/p>\n\n\n\n<p>2016 Silber Bayerische Meisterschaft Einsp\u00e4nner Pony mit \u201eNat\u00fcrlich Blond\u201c<\/p>\n\n\n\n<p>2016 Gold Fr\u00e4nkische Meisterschaft Einsp\u00e4nner Pony mit \u201eNat\u00fcrlich Blond\u201c<\/p>\n\n\n\n<p>2015 Bronze beim Bundeschampionat der Fahrponys mit \u201eNat\u00fcrlich Blond\u201c<\/p>\n\n\n\n<p>2015 Silber Fr\u00e4nkische Meisterschaft Einsp\u00e4nner Pony mit \u201eNat\u00fcrlich Blond\u201c<\/p>\n\n\n\n<p>2015 Sportf\u00f6rderpreis der AGH<\/p>\n\n\n\n<p>2013 Sportf\u00f6rderpreis der AGH<\/p>\n\n\n\n<p>2012 Sportf\u00f6rderpreis der AGH<\/p>\n\n\n\n<p>2011 Sportlerin der Woche, Fr\u00e4nkischer Tag<\/p>\n\n\n\n<p>2011 Vize-Fr\u00e4nkische Meisterin Einsp\u00e4nner Pferde mit \u201eGandhi\u201c  <\/p>\n\n\n\n<p>2010 Fr\u00e4nkische Meisterin Pferde Einsp\u00e4nner mit \u201eGandhi\u201c und Vizemeisterin Pony Einsp\u00e4nner mit \u201eNabucco\u201c <\/p>\n\n\n\n<p>2009 Teilnahme am Haflinger Europachampionat in Meran, Italien<\/p>\n\n\n\n<p>2009 Fr\u00e4nkische Meisterin Pony Einsp\u00e4nner mit \u201eNabucco\u201c <\/p>\n\n\n\n<p><\/p>\n","protected":false},"excerpt":{"rendered":"<p>2025 Platz 11 Deutsche Meisterschaft Zweisp\u00e4nner Pony in Lauchheim\/H\u00fclen mit DSP Nat\u00fcrlich Blond und Stanau 2025 Platz 5 S\u00fcddeutsche MannschaftsMeisterschaft Zweisp\u00e4nner Pony in Viernheim mit DSP Nat\u00fcrlich Blond und Stanau 2025 Platz 6 Deutsche Jugendmeisterschaft U14 Einsp\u00e4nner Pony in Schwaiganger f\u00fcr Moritz Zenkel und DSP Nat\u00fcrlich Blond 2024 Bronzemedaille Bayerisches Nachwuchschampionat U16 f\u00fcr Moritz Zenkel &hellip; <\/p>\n<p class=\"link-more\"><a href=\"https:\/\/fahrsport-franken.de\/?page_id=337\" class=\"more-link\"><span class=\"screen-reader-text\">\u201eSportliche Erfolge\u201c<\/span> weiterlesen<\/a><\/p>\n","protected":false},"author":1,"featured_media":0,"parent":0,"menu_order":0,"comment_status":"closed","ping_status":"closed","template":"","meta":{"footnotes":""},"class_list":["post-337","page","type-page","status-publish","hentry"],"aioseo_notices":[],"_links":{"self":[{"href":"https:\/\/fahrsport-franken.de\/index.php?rest_route=\/wp\/v2\/pages\/337","targetHints":{"allow":["GET"]}}],"collection":[{"href":"https:\/\/fahrsport-franken.de\/index.php?rest_route=\/wp\/v2\/pages"}],"about":[{"href":"https:\/\/fahrsport-franken.de\/index.php?rest_route=\/wp\/v2\/types\/page"}],"author":[{"embeddable":true,"href":"https:\/\/fahrsport-franken.de\/index.php?rest_route=\/wp\/v2\/users\/1"}],"replies":[{"embeddable":true,"href":"https:\/\/fahrsport-franken.de\/index.php?rest_route=%2Fwp%2Fv2%2Fcomments&post=337"}],"version-history":[{"count":20,"href":"https:\/\/fahrsport-franken.de\/index.php?rest_route=\/wp\/v2\/pages\/337\/revisions"}],"predecessor-version":[{"id":507,"href":"https:\/\/fahrsport-franken.de\/index.php?rest_route=\/wp\/v2\/pages\/337\/revisions\/507"}],"wp:attachment":[{"href":"https:\/\/fahrsport-franken.de\/index.php?rest_route=%2Fwp%2Fv2%2Fmedia&parent=337"}],"curies":[{"name":"wp","href":"https:\/\/api.w.org\/{rel}","templated":true}]}}